{"id":365,"date":"2024-04-24T13:43:55","date_gmt":"2024-04-24T11:43:55","guid":{"rendered":"https:\/\/overshield.aproxi.tech\/publications\/"},"modified":"2024-05-15T10:01:37","modified_gmt":"2024-05-15T08:01:37","slug":"publications","status":"publish","type":"page","link":"https:\/\/overshield.aproxi.tech\/fr\/publications\/","title":{"rendered":"Publications"},"content":{"rendered":"<p>[et_pb_section fb_built=\u00a0\u00bb1&Prime; _builder_version=\u00a0\u00bb4.24.3&Prime; _module_preset=\u00a0\u00bbdefault\u00a0\u00bb da_disable_devices=\u00a0\u00bboff|off|off\u00a0\u00bb global_colors_info=\u00a0\u00bb{}\u00a0\u00bb da_is_popup=\u00a0\u00bboff\u00a0\u00bb da_exit_intent=\u00a0\u00bboff\u00a0\u00bb da_has_close=\u00a0\u00bbon\u00a0\u00bb da_alt_close=\u00a0\u00bboff\u00a0\u00bb da_dark_close=\u00a0\u00bboff\u00a0\u00bb da_not_modal=\u00a0\u00bbon\u00a0\u00bb da_is_singular=\u00a0\u00bboff\u00a0\u00bb da_with_loader=\u00a0\u00bboff\u00a0\u00bb da_has_shadow=\u00a0\u00bbon\u00a0\u00bb][et_pb_row module_id=\u00a0\u00bbabout_us\u00a0\u00bb _builder_version=\u00a0\u00bb4.24.3&Prime; _module_preset=\u00a0\u00bbdefault\u00a0\u00bb max_width=\u00a0\u00bb700px\u00a0\u00bb global_colors_info=\u00a0\u00bb{}\u00a0\u00bb][et_pb_column type=\u00a0\u00bb4_4&Prime; _builder_version=\u00a0\u00bb4.24.3&Prime; _module_preset=\u00a0\u00bbdefault\u00a0\u00bb global_colors_info=\u00a0\u00bb{}\u00a0\u00bb][et_pb_text _builder_version=\u00a0\u00bb4.24.3&Prime; _module_preset=\u00a0\u00bbdefault\u00a0\u00bb header_text_align=\u00a0\u00bbcenter\u00a0\u00bb custom_margin=\u00a0\u00bb30px||5px||false|false\u00a0\u00bb custom_padding=\u00a0\u00bb||0px||false|false\u00a0\u00bb global_colors_info=\u00a0\u00bb{}\u00a0\u00bb]<\/p>\n<h1>PUBLICATIONS<\/h1>\n<p>[\/et_pb_text][et_pb_code _builder_version=\u00a0\u00bb4.24.3&Prime; _module_preset=\u00a0\u00bbdefault\u00a0\u00bb global_colors_info=\u00a0\u00bb{}\u00a0\u00bb]<span class=\"border\"><\/span>[\/et_pb_code][\/et_pb_column][\/et_pb_row][et_pb_row _builder_version=\u00a0\u00bb4.24.3&Prime; _module_preset=\u00a0\u00bbdefault\u00a0\u00bb hover_enabled=\u00a0\u00bb0&Prime; global_colors_info=\u00a0\u00bb{}\u00a0\u00bb sticky_enabled=\u00a0\u00bb0&Prime;][et_pb_column type=\u00a0\u00bb4_4&Prime; _builder_version=\u00a0\u00bb4.24.3&Prime; _module_preset=\u00a0\u00bbdefault\u00a0\u00bb global_colors_info=\u00a0\u00bb{}\u00a0\u00bb][et_pb_text _builder_version=\u00a0\u00bb4.24.3&Prime; _module_preset=\u00a0\u00bbdefault\u00a0\u00bb hover_enabled=\u00a0\u00bb0&Prime; global_colors_info=\u00a0\u00bb{}\u00a0\u00bb sticky_enabled=\u00a0\u00bb0&Prime;]<\/p>\n<h2><strong>NEWSLETTER<\/strong><\/h2>\n<p><a href=\"https:\/\/overshield-avocats.com\/finance-act-2024\/\">Further limitation rules to the deduction of loans for wealth tax purposes<\/a><\/p>\n<p><strong><\/strong><\/p>\n<h2><strong>J\u00c9R\u00d4ME BARZUN<\/strong><\/h2>\n<p>&nbsp;<\/p>\n<div class=\"wpb_text_column wpb_content_element \">\n<div class=\"wpb_wrapper\">\n<ul>\n<li>La Lettre des Juristes d\u2019Affaires cite J\u00e9r\u00f4me Barzun parmi les avocats dans le conflit judiciaire ayant oppos\u00e9 Herm\u00e8s et LVMH.<\/li>\n<li>J\u00e9r\u00f4me Barzun est auditionn\u00e9 \u00e0 l\u2019Assembl\u00e9e Nationale sur le secret des affaires.<\/li>\n<li>J\u00e9r\u00f4me Barzun est cit\u00e9 par le magazine Capital dans un article consacr\u00e9 aux lanceurs d\u2019alerte et \u00e0 la mise en oeuvre des dispositifs d\u2019\u00e9thique professionnelle en France.<\/li>\n<li>J\u00e9r\u00f4me Barzun publie un article dans la lettre du Syndicat Fran\u00e7ais de l\u2019Intelligence Economique, \u201cDes vents porteurs pour le droit de l\u2019intelligence \u00e9conomique?\u201d.<\/li>\n<li>J\u00e9r\u00f4me Barzun est interview\u00e9 par le magazine des Directeurs administratifs et Financiers, DAF-MAG, sur le secret des affaires.<\/li>\n<li>J\u00e9r\u00f4me Barzun publie dans les Echos un article sur les lanceurs d\u2019alerte, \u201cLanceur d\u2019alerte vs Whistleblower\u201d.<\/li>\n<li>J\u00e9r\u00f4me Barzun publie un article dans les Echos sur le th\u00e8me du secret des affaires, \u201cEt si Bruxelles parvenait \u00e0 concilier le secret des affaires avec la libert\u00e9 d\u2019information?\u201d.<\/li>\n<li>J\u00e9r\u00f4me Barzun is auditioned by the members of the French Parliament on business secrecy.<\/li>\n<li>The<span> <\/span><em>Lettre des Juristes dAffaires<\/em><span> <\/span>quotes J\u00e9r\u00f4me Barzun among the lawyers involved in the litigation between Herm\u00e8s and LVMH.<\/li>\n<li>J\u00e9r\u00f4me Barzun is quoted by<span> <\/span><em>Capital magazine<\/em><span> <\/span>in an article devoted to whistleblowers and the implementation of professional ethics systems in France.<\/li>\n<li>J\u00e9r\u00f4me Barzun publishes an article in the letter of the French Union of Economic Intelligence, \u201c<em>Promising winds for the law of economic intelligence?<\/em> \u201c.<\/li>\n<li>J\u00e9r\u00f4me Barzun is interviewed by the magazine of Administrative and Financial Directors,<span> <\/span><em>DAF-MAG<\/em>, on business secrecy.<\/li>\n<li>J\u00e9r\u00f4me Barzun publishes in<span> <\/span><em>Les Echos<\/em><span> <\/span>an article on whistleblowers, \u201cLanceur d\u2019alerte vs. Whistleblower\u201d.<\/li>\n<li>J\u00e9r\u00f4me Barzun publishes an article in<span> <\/span><em>Les Echos<\/em><span> <\/span>on business secrecy, \u201cWhat if Brussels managed to conciliate business secrecy with freedom of information<em>?<\/em> \u201c.<\/li>\n<\/ul>\n<\/div>\n<\/div>\n<h2><strong><\/strong><\/h2>\n<h2><strong><\/strong><\/h2>\n<p><strong><\/strong><\/p>\n<h2><strong><\/strong><\/h2>\n<h2><strong><\/strong><\/h2>\n<h2><strong>XENIA LORDKIPANIDZ\u00c9<\/strong><\/h2>\n<p>&nbsp;<\/p>\n<div class=\"wpb_text_column wpb_content_element \">\n<div class=\"wpb_wrapper\">\n<ul>\n<li><strong>2017 : \u00ab Une r\u00e9forme du droit mon\u00e9gasque facilite le r\u00e8glement des successions internationales \u00bb \u2013 Option Finance (co-auteur)<br \/><\/strong>La loi mon\u00e9gasque n\u00b01.448 du 28 iuin 2017 relative au droit international priv\u00e9 vient opportun\u00e9ment modifier les crit\u00e8res de d\u00e9termination de la loi successorale applicable et apporter des pr\u00e9cisions quant \u00e0 la reconnaissance des pactes successoraux \u00e9trangers et des trusts. L\u2019anticipation des successions comportant des biens situ\u00e9s \u00e0 Monaco ou int\u00e9ressant des r\u00e9sidents mon\u00e9gasques va \u00eatre ainsi facilit\u00e9e sur le plan civil tout en restant complexe en l\u2019absence d\u2019unification de la loi applicable sur le plan fiscal.<\/li>\n<li><strong>2017 : \u00ab Mobilit\u00e9 Internationale : \u00e9tat des lieux des derni\u00e8res \u00e9volutions fiscales et sociales \u00bb \u2013 Les Echos Business (co-auteur)<br \/><\/strong>Dans un contexte de mobilit\u00e9 internationale des travailleurs accrue, le l\u00e9gislateur a apport\u00e9 des modifications au cadre social et fiscal existant afin, d\u2019une part, de favoriser la venue en France de salari\u00e9s \u00e0 haute valeur ajout\u00e9e et, d\u2019autre part, de lutter contre le travail ill\u00e9gal.<\/li>\n<li><strong>2017 : \u00ab La norme commune de d\u00e9claration OCDE entre en vigueur \u00e0 Monaco \u00bb \u2013 Option Finance<br \/><\/strong>La norme commune de d\u00e9claration (NCD) en mati\u00e8re d\u2019\u00e9change automatique de renseignements relatifs aux comptes financiers, \u00e9labor\u00e9e par l\u2019OCDE dans le cadre de I\u2019assistance administrative mutuelle en mati\u00e8re fiscale, a \u00e9t\u00e9 transpos\u00e9e en droit mon\u00e9gasque par l\u2019Ordonnance souveraine n\u00b06.208 du 20 d\u00e9cembre 2016, entr\u00e9e en vigueur le 1er janvier 2017.<\/li>\n<li>2<strong>017 : \u00ab Echange automatique d\u2019informations en mati\u00e8re fiscale et nouvel ordre fiscal : Andorre et Monaco, des principaut\u00e9s en mouvement \u00bb \u2013 Option Finance (co-auteur)<br \/><\/strong>Les principaut\u00e9s d\u2019Andorre et de Monaco ont ratifi\u00e9 les accords OCDE et europ\u00e9ens de coop\u00e9ration administrative et d\u2019\u00e9change automatique d\u2019informations en mati\u00e8re fiscale. Les premiers \u00e9changes automatiques d\u2019information sont pr\u00e9vus pour septembre 2018. D\u00e9tail et port\u00e9e de ces \u00e9changes.<\/li>\n<li><strong>2016 : \u00ab D\u00e9parts \u00e0 l\u2019\u00e9tranger des contribuables : cr\u00e9ation d\u2019une base de donn\u00e9es \u00e0 caract\u00e8re personnel \u00bb \u2013 Option Finance (co-auteur)<br \/><\/strong>Un arr\u00eat\u00e9 du 1er septembre 2016, publi\u00e9 au Journal officiel seulement le 1er novembre 2016, pr\u00e9voit la cr\u00e9ation d\u2019un \u00abtraitement automatis\u00e9 d\u2019appariement\u00bb de donn\u00e9es \u00e0 caract\u00e8re personnel relatives aux d\u00e9parts \u00e0 l\u2019\u00e9tranger des personnes redevables de l\u2019imp\u00f4t sur le revenu (IR) ou de I\u2019ISF.Ce traitement, d\u00e9nomm\u00e9 \u00abStatistiques Sirius Part\u00bb, est destin\u00e9 \u00e0 la constitution de statistiques agr\u00e9g\u00e9es sur les d\u00e9parts \u00e0 l\u2019\u00e9tranger des redevables de l\u2019IR et de I\u2019ISF.<\/li>\n<li><strong>2016 : \u00ab D\u00e9placements \u00e0 l\u2019\u00e9tranger des salari\u00e9s impatri\u00e9s et expatri\u00e9s \u00bb \u2013 Les Echos Business (co-auteur)<br \/><\/strong>La mobilit\u00e9 internationale des salari\u00e9s est devenue une composante essentielle du d\u00e9veloppement de l\u2019entreprise.<br \/>Afin d\u2019encourager cet \u00abimport-export\u00bb de talents, la France s\u2019est dot\u00e9e de r\u00e9gimes sp\u00e9ciaux d\u2019imposition en faveur, d\u2019une part, des personnes qui sont envoy\u00e9es \u00e0 l\u2019\u00e9tranger mais qui conservent leur domicile fiscal en France \u2013 le r\u00e9gime de faveur des expatri\u00e9s (article 81 A I et II du Code g\u00e9n\u00e9ral des imp\u00f4ts \u2013 CGI) et, d\u2019autre part, des personnes qui viennent de l\u2019\u00e9tranger \u00e0 la demande d\u2019un employeur fran\u00e7ais afin d\u2019exercer temporairement en France leur activit\u00e9 professionnelle \u2013 r\u00e9gime des \u00abimpatri\u00e9s\u00bb (article 155 B du CGI).<\/li>\n<li><strong>2015 : \u00ab Pr\u00e9l\u00e8vement sociaux indus : comment r\u00e9clamer \u00bb \u2013 LeRevenu.com (co-auteur)<br \/><\/strong>La d\u00e9cision du Conseil d\u2019\u00c9tat du 27 juillet 2015 relative \u00e0 l\u2019affaire de Ruyter, intervenant apr\u00e8s l\u2019arr\u00eat de la Cour de justice de l\u2019Union europ\u00e9enne du 26 f\u00e9vrier 2015, a remis en cause l\u2019imposition \u00e0 des pr\u00e9l\u00e8vements sociaux sur les revenus du capital en France de personnes affili\u00e9es \u00e0 un r\u00e9gime de s\u00e9curit\u00e9 sociale d\u2019un autre \u00c9tat membre de l\u2019Union europ\u00e9enne (UE) ou de l\u2019Espace \u00e9conomique europ\u00e9en (EEE) ainsi que la Suisse.<\/li>\n<li><strong>2015 : \u00ab Les parts sociales d\u2019une soci\u00e9t\u00e9 \u00e0 pr\u00e9pond\u00e9rance immobili\u00e8re ne sont pas des immeubles : le retour de la s\u00e9curit\u00e9 juridique \u00bb \u2013 Option Finance (co-auteur)<br \/><\/strong>Depuis 2012, le doute planait dans l\u2019esprit de certains praticiens : le 09\/10\/12, la Cour de cassation (Cass. com., n\u00b0 11-22.023) affirmait, \u00e0 l\u2019encontre du texte, pourtant clair, de l\u2019\u00e9change de lettres du 16\/07\/1979 dans le cadre de la convention franco-mon\u00e9gasque relative aux droits de succession du 1er avril 1950, que les parts d\u2019une soci\u00e9t\u00e9 civile mon\u00e9gasque poss\u00e9dant un immeuble en France \u00e9taient assimil\u00e9s \u00e0 des immeubles donc imposables en France en vertu de la convention.L\u2019Assembl\u00e9e Pl\u00e9ni\u00e8re de la Cour de cassation a, le 2 octobre 2015 (n\u00b014-14.256), fort heureusement r\u00e9affirm\u00e9 la nature mobili\u00e8re de parts d\u2019une soci\u00e9t\u00e9 \u00e0 pr\u00e9pond\u00e9rance immobili\u00e8re.<\/li>\n<li><strong>2015 : \u00ab Primes de missions \u00e0 l\u2019\u00e9tranger : l\u2019exon\u00e9ration voit son int\u00e9r\u00eat s\u2019accro\u00eetre \u00bb \u2013 Les Echos (co-auteur)<br \/><\/strong>Les salari\u00e9s r\u00e9sidents fiscaux de France envoy\u00e9s par un employeur europ\u00e9en \u00e0 l\u2019\u00e9tranger peuvent \u00eatre exon\u00e9r\u00e9s d\u2019imp\u00f4t sur le revenu sur tout ou partie des salaires per\u00e7us pour l\u2019activit\u00e9 exerc\u00e9e \u00e0 l\u2019\u00e9tranger.L\u2019exon\u00e9ration totale ne concerne que certaines activit\u00e9s (chantiers, prospection commerciale, etc.) et requiert, selon les activit\u00e9s, de 120 \u00e0 183 jours travaill\u00e9s \u00e0 l\u2019\u00e9tranger.<\/li>\n<li><strong>2015 : \u00ab Les pr\u00e9l\u00e8vements sociaux fran\u00e7ais sur les revenus du patrimoine sont contraires au droit de l\u2019Union europ\u00e9enne \u00bb \u2013 Option Finance (co-auteur)<br \/><\/strong>Alors que la vague de r\u00e9clamations en mati\u00e8re de pr\u00e9l\u00e8vements sociaux fran\u00e7ais appliqu\u00e9s aux revenus fonciers et plus-values immobili\u00e8res des non-r\u00e9sidents se poursuit, relay\u00e9e par la presse, la CJUE vient de rendre un arr\u00eat attendu et qui viendra alimenter le d\u00e9bat actuel (arr\u00eat du 26\/02\/2015, aff. C-623\/13, de Ruyter).<\/li>\n<li><strong>2015 : \u00ab Application contestable des pr\u00e9l\u00e8vements sociaux fran\u00e7ais sur les revenus fonciers et les plus-values immobili\u00e8re des non-r\u00e9sidents \u00bb \u2013 Option Finance (co-auteur)<br \/><\/strong>Nombre de non-r\u00e9sidents, qu\u2019ils r\u00e9sident dans l\u2019Union europ\u00e9enne (UE) ou dans un pays tiers, se sont \u00e9mus de se voir impos\u00e9s, \u00e0 compter de l\u2019ann\u00e9e 2012, aux pr\u00e9l\u00e8vements sociaux (CSG\/CRDS\/pr\u00e9l\u00e8vement de 2% et sa contribution additionnelle) sur les revenus fonciers et les plus-values immobili\u00e8res de source fran\u00e7aise, ce qui n\u2019\u00e9tait pas la pratique jusque-l\u00e0. En effet, les pr\u00e9l\u00e8vements sociaux \u00e9tant destin\u00e9s \u00e0 financer le syst\u00e8me de s\u00e9curit\u00e9 sociale fran\u00e7ais, dont les non-r\u00e9sidents ne profitent gu\u00e8re, ces derniers n\u2019y \u00e9taient pas assujettis.Ce changement de l\u00e9gislation a entra\u00een\u00e9 une vague de r\u00e9clamations aupr\u00e8s des services fiscaux mais \u00e9galement une proc\u00e9dure en infraction contre la France initi\u00e9e par la Commission europ\u00e9enne (aff. 2013\/4168 Pilot).<\/li>\n<li><strong>2014 : \u00ab L\u2019imposition en France d\u2019un Fran\u00e7ais de Monaco et l\u2019exon\u00e9ration des plus-values professionnelles en cas de d\u00e9part \u00e0 la retraite \u00bb \u2013 Option Finance (co-auteur)<br \/><\/strong>Un contribuable, Fran\u00e7ais r\u00e9sident de Monaco, exer\u00e7ait son activit\u00e9 lib\u00e9rale dans la Principaut\u00e9. L\u2019heure de la retraite venue et le cabinet vendu, ce contribuable s\u2019est vu refuser l\u2019exon\u00e9ration de la plus-value de cession de sa client\u00e8le dans le cadre du d\u00e9part \u00e0 la retraite pr\u00e9vue \u00e0 l\u2019article 151 septies A du CGI, l\u2019administration consid\u00e9rant l\u2019exon\u00e9ration r\u00e9serv\u00e9e aux seules activit\u00e9s exerc\u00e9es en France.<\/li>\n<li><strong>2014 : \u00ab Convention fiscale franco-mon\u00e9gasque : fin de la bataille pour les Fran\u00e7ais n\u00e9s \u00e0 Monaco \u00bb \u2013 Option Finance (co-auteur)<br \/><\/strong>La convention fiscale franco-mon\u00e9gasque du 18 mai 1963 pr\u00e9voit en son article 7 que les Fran\u00e7ais ayant transport\u00e9 leur domicile ou r\u00e9sidence \u00e0 Monaco ou ceux qui n\u2019\u00e9taient pas install\u00e9s \u00e0 Monaco depuis cinq ans \u00e0 la date du 13 octobre 1962 sont trait\u00e9s comme r\u00e9sidents fiscaux de France et y sont impos\u00e9s sur leurs revenus mondiaux. Tel n\u2019est pas le cas des \u00ab enfants du pays \u00bb.<\/li>\n<li><strong>2014 : \u00ab R\u00e9sidents de Monaco : fin de l\u2019imposition forfaitaire de l\u2019article 164 C et plus\u2026 \u00bb \u2013 Option finance (co-auteur)<br \/><\/strong>L\u2019article 164 C du CGI pr\u00e9voit l\u2019imposition en France des non-r\u00e9sidents y disposant d\u2019une habitation, \u00e0 hauteur de trois fois sa valeur locative. Apr\u00e8s l\u2019arr\u00eat Biso (2003) qui a r\u00e9duit la port\u00e9e de ce texte pour les r\u00e9sidents de Monaco en se fondant sur les clauses de non-discrimination de certaines conventions fiscales conclues par la France, le Conseil d\u2019Etat y porte un coup fatal, par un arr\u00eat du 26 d\u00e9cembre 2013 (n\u00b0 360488 Kramer).<\/li>\n<li><strong>2013 : \u00ab Indemnit\u00e9 de renonciation aux stock-options vers\u00e9e \u00e0 un mandataire social : quelle imposition dans un contexte international ? \u00bb \u2013 Option Finance (co-auteur)<br \/><\/strong>Un arr\u00eat du Conseil d\u2019Etat du 4 octobre 2013 vient de se prononcer sur la qualification, en droit interne et au regard des conventions internationales, d\u2019une indemnit\u00e9 de renonciation aux stock-options per\u00e7ue par un g\u00e9rant non salari\u00e9 d\u2019une soci\u00e9t\u00e9 en commandite par actions (SCA).<\/li>\n<li><strong>2012 : \u00ab Le nouveau dispositif sur les trusts a-t-il vocation \u00e0 s\u2019\u00e9tendre \u00e0 la gestion collective ? Une clarification attendue \u00bb \u2013 Lettre des fusions-acquisitions et du private equity (co-auteur)<br \/><\/strong>Depuis juillet 2011, la France s\u2019est dot\u00e9e d\u2019un dispositif fiscal visant les trusts \u00e9trangers avec des r\u00e8gles particuli\u00e8res en mati\u00e8re de droits de donation\/succession, ISF et imp\u00f4t sur le revenu. Il instaure une obligation d\u00e9clarative non seulement \u00e0 la charge du constituant du trust, mais aussi du \u00abtrustee\u00bb. Assortie de sanctions lourdes en cas de manquement, elle suscite nombres d\u2019interrogations chez les acteurs de la place financi\u00e8re, tant son champ d\u2019application peut sembler large.<\/li>\n<li><strong>2011 : \u00ab Trust me ? \u00bb \u2013 Option Finance (co-auteur)<br \/><\/strong>Apr\u00e8s trois ann\u00e9es de d\u00e9bats et discussions, la loi d\u00e9finit un r\u00e9gime fiscal \u00e0 la fran\u00e7aise pour les trusts.<\/li>\n<li><strong>2010 : \u00ab Couples mixtes ou de l\u2019impact de la globalisation sur la fiscalit\u00e9 des m\u00e9nages \u00bb \u2013 Option Finance (co-auteur)<br \/><\/strong>De plus en plus de couples mari\u00e9s sont confront\u00e9s aujourd\u2019hui \u00e0 la mobilit\u00e9 internationale. Cette mobilit\u00e9 peut concerner les deux \u00e9poux, ce qui pose certes des questions, mais qui est une situation moins complexe que celle o\u00f9 un seul des \u00e9poux se d\u00e9place \u00e0 l\u2019\u00e9tranger et devient non-r\u00e9sident de France.<\/li>\n<li><strong>2008 : \u00ab Salari\u00e9s de tous les pays, impatriez-vous ! \u00bb \u2013 Option Finance (co-auteur)<br \/><\/strong>Existant dans nombre de pays europ\u00e9ens, attendu par les directions de ressources humaines, un r\u00e9gime fiscal de faveur pour les salari\u00e9s impatri\u00e9s a \u00e9t\u00e9 introduit en France (article 81 B du CGI). Bien que salu\u00e9 sur le principe, le nouveau texte n\u2019a pas manqu\u00e9 de soulever nombre d\u2019interrogations et de difficult\u00e9s d\u2019application.<\/li>\n<\/ul>\n<\/div>\n<\/div>\n<h2><strong><\/strong><\/h2>\n<h2><strong><\/strong><\/h2>\n<p><strong><\/strong><\/p>\n<h2><strong><\/strong><\/h2>\n<h2><strong><\/strong><\/h2>\n<h2><strong>ADEA MEIDANI<\/strong><\/h2>\n<p>&nbsp;<\/p>\n<p><strong><\/strong><\/p>\n<div class=\"wpb_text_column wpb_content_element \">\n<div class=\"wpb_wrapper\">\n<ul>\n<li><strong>2023 : \u201cBurden of Proof\u201d \u2013 STEP Journal Issue 2<br \/><\/strong>Distributions of trust proceeds to a French\u2011resident beneficiary are subject to a 30 per cent flat\u2011rate tax. Conversely, if the proceeds remain in the trust, they are not subject to income tax unless the anti\u2011abuse mechanism of taxation on a look\u2011through basis comes into play, under art.123 bis of the French Tax Code.<\/li>\n<li><strong>2022 : \u201cGame of give and tax\u201d \u2013 STEP Journal Issue 3<br \/><\/strong>French taxpayers are granted an income tax or wealth tax reduction whenever they support public interest organisations through donations. Accordingly, the same gifts are exempted from gratuitous transfer taxes in the hands of the recipient. Tax advantages were initially applicable only to donations made to organisations located in France, but this has been gradually extended to those made to organisations located outside of France.<\/li>\n<li><strong>2021 : \u201cQualification quandary\u201d \u2013 STEP Journal Issue 5<br \/><\/strong>In principle, when setting up a trust, the settlor divests themselves by transferring capital into the trust. The transferred capital then produces income, which melts into the existing capital to generate more income. Technically, two different types of funds coexist in the trust and, at the time of the distribution, either capital or income is distributed.<br \/>A major question remains: how shall the distribution of the trust capital be distinguished from the distribution of the trust income?<\/li>\n<li><strong>2021 : \u00ab Brexit et fiscalit\u00e9 : regards crois\u00e9s France-Royaume-Uni \u00bb (Brexit and taxes : a French-UK perspective) \u2013 Fiscalit\u00e9 Internationale n\u00b01 2021 (co-auteur)<br \/><\/strong>Initi\u00e9 par le r\u00e9f\u00e9rendum du 23 juin 2016, organis\u00e9 par l\u2019accord sur le retrait du Royaume-Uni de Grande-Bretagne et d\u2019Irlande du Nord de l\u2019Union europ\u00e9enne et de la Communaut\u00e9 europ\u00e9enne de l\u2019\u00e9nergie atomique (l\u2019\u00ab Accord de sortie \u00bb), la sortie du Royaume-Uni de l\u2019UE (\u00ab Brexit \u00bb), a pris plein effet le 1er janvier 2021, \u00e0 l\u2019issue d\u2019une p\u00e9riode de transition durant laquelle le Royaume-Uni aura \u00e9t\u00e9 trait\u00e9 comme un Etat membre de l\u2019UE\u2026.<\/li>\n<li><strong>2021 : \u201cFrench tax treatment of foreign trusts\u201d \u2013 Ruchelaw (co-auteur)<br \/><\/strong>The centuries-old Anglo-Saxon legal concept of trusts, which allows assets to be held by trustees on behalf of beneficiaries, does not exist, per se, under French law. Legal and tax treatment from the French perspective is uncertain since French law identifies one single person as the owner of property, except in the specific case of segregation between a life interest and bare legal ownership. Consequently, assessing taxes has been difficult for the French Tax Administration when dealing with a trust where the settlor does not have the full control of assets, the trustee is managing assets on behalf of the beneficiary, and the beneficiary has an uncertain right to income and capital.<\/li>\n<li><strong>2019 : \u201cHeir of sophistication: [\u2026] key tax issues for advisors related to collecting art in Italy and France\u201d \u2013 STEP Journal (co-auteur)<br \/><\/strong>Whether you are an heir, an investor or a collector, besides the passion of buying an artwork, there are legal and regulatory aspects that must be taken into consideration, especially regarding taxation. Measures have been implemented in Italy and France aimed at encouraging the collection of artworks and antiquities. These rules have significantly contributed to the conservation of the artistic heritage of both countries.<\/li>\n<li><strong>2019 : \u00ab Hard Brexit : quelle fiscalit\u00e9 pour vos investissements ? \u00bb (Hard Brexit: what taxation for your investments?) \u2013 Les Echos (co-auteur)<br \/><\/strong>Rejet de l\u2019accord entre le Royaume-Uni et l\u2019Union europ\u00e9enne (UE) : le \u00ab no deal \u00bb reste la situation par d\u00e9faut et des cons\u00e9quences sont \u00e0 pr\u00e9voir au regard de la fiscalit\u00e9 des revenus du patrimoine des particuliers.<\/li>\n<li><strong>2019 : \u00abBrexit : un \u201cno deal\u201d lourd de cons\u00e9quences fiscales tant pour les soci\u00e9t\u00e9s que pour les particuliers \u00bb (<em>\u201cBrexit: a \u201cno deal\u201d with serious tax consequences for companies and individuals\u201d)<\/em>\u2013 Option Finance<span> <\/span><em>(co-auteur)<br \/><\/em><\/strong><em>La sortie du Royaume-Uni de l\u2019Union europ\u00e9enne sans accord est devenue l\u2019hypoth\u00e8se la plus probable. D\u00e8s lors, sauf report de d\u00e9lai, \u00e0 compter du 30 mars \u00e0 00h00, les entreprises et particuliers r\u00e9sidents du Royaume-Uni deviendraient des tiers \u00e0 l\u2019Union europ\u00e9enne. Les r\u00e9percussions sur leur fiscalit\u00e9 ne sont pas n\u00e9gligeables, notamment en mati\u00e8re d\u2019imp\u00f4ts directs (imp\u00f4t sur les soci\u00e9t\u00e9s, imp\u00f4t sur le revenu et pr\u00e9l\u00e8vements sociaux).<\/em><\/li>\n<li><strong>2019 : \u00ab Brexit : l\u2019impact fiscal d\u2019un \u00ab no deal \u00bb sur vos investissements \u00bb \u2013 LeRevenu (<em>co-auteur<\/em>)<\/strong><br \/>Trois rejets au compteur et pas le moindre consensus \u00e0 l\u2019horizon entre Theresa May et les d\u00e9put\u00e9s britanniques sur un potentiel accord de sortie de l\u2019Union europ\u00e9enne. Le \u00ab no deal \u00bb ou \u00ab Hard Brexit \u00bb reste donc aujourd\u2019hui un sc\u00e9nario probable. Au-del\u00e0 des r\u00e9percussions sur l\u2019\u00e9conomie du Royaume-Uni, il aurait \u00e9galement des cons\u00e9quences non n\u00e9gligeables sur la fiscalit\u00e9 des particuliers.<\/li>\n<li><strong>2018 : \u00ab Conf\u00e9rence : La logique patrimoniale dans l\u2019art contemporain \u00bb (Conference : The legacy approach in contemporary art)Asia Now<\/strong><br \/>Conf\u00e9rence donn\u00e9e sur la d\u00e9finition d\u2019une oeuvre d\u2019art, les imp\u00f4ts qui s\u2019appliquent \u00e0 l\u2019acquisition, la d\u00e9tention et la cession des oeuvres d\u2019art, comment d\u00e9tenir des oeuvres par une soci\u00e9t\u00e9 de capitaux, les avantages d\u2019un trust et la transmission des oeuvres d\u2019art.<\/li>\n<li><strong>2018 : \u00ab Qualification fiscale des LLC am\u00e9ricaines en France : point sur la jurisprudence fran\u00e7aise r\u00e9cente \u00bb \u2013 Option Finance (<em>co-auteur<\/em>)<br \/><\/strong><em>Dans une d\u00e9cision r\u00e9cente,<\/em> \u00ab Soci\u00e9t\u00e9 World Investment Corporation \u00bb <em> (CE, 16 mai 2018, 9\u00e8me ch., <\/em>St\u00e9 World Investment Corporation<em>, n\u00b0398055), le Conseil d\u2019Etat est venu ajouter une touche discr\u00e8te \u00e0 une jurisprudence encore balbutiante sur le traitement fiscal des <\/em>\u00ab Limited Liability Company \u00bb<em> (\u00ab <strong>LLC<\/strong> \u00bb ) en droit fran\u00e7ais.<\/em><\/li>\n<li><strong>2018 : \u00ab D\u00e9cision du Conseil Constitutionnel en mati\u00e8re de Trust et d\u2019ISF : une conformit\u00e9 sous conditions \u00bb \u2013 Option Finance (co-auteur)<br \/><\/strong><em>Le Conseil constitutionnel, par une d\u00e9cision n\u00b02017-679 QPC du 15 d\u00e9cembre 2017, a d\u00e9clar\u00e9 le premier alin\u00e9a de l\u2019article 885 G ter du CGI, dans sa r\u00e9daction issue de la loi du 29 juillet 2011 de finances rectificative pour 2011, conforme \u00e0 la Constitution sous une r\u00e9serve d\u2019interpr\u00e9tation.<\/em><\/li>\n<li><strong>2017 : \u00ab Inconstitutionnalit\u00e9 des dispositions ISF de la Loi sur les Trusts : la saga continue ? \u00bb \u2013 Option Finance (<em>co-auteur<\/em>)<br \/><\/strong><em>Par d\u00e9cisions QPC du 25 septembre 2017, le Conseil d\u2019\u00c9tat a choisi de renvoyer au Conseil constitutionnel la question soulev\u00e9e devant lui en mati\u00e8re d\u2019ISF tout en se r\u00e9servant le soin de clarifier les questions qui lui \u00e9taient pos\u00e9es en mati\u00e8re de pr\u00e9l\u00e8vement <\/em>sui generis<em>.<\/em><\/li>\n<li><strong>2016 : \u00ab La publicit\u00e9 du registre des trusts : une atteinte manifeste au droit au respect de la vie priv\u00e9e ? \u00bb \u2013 Option Finance (<em>co-auteur<\/em>)<br \/><\/strong><em>La loi n\u00b02013-1117 du 6 d\u00e9cembre 2013 relative \u00e0 la lutte contre la fraude fiscale et la grande d\u00e9linquance \u00e9conomique et financi\u00e8re a instaur\u00e9 un registre public des trusts dont l\u2019acc\u00e8s a \u00e9t\u00e9 tr\u00e8s rapidement suspendu suite \u00e0 un r\u00e9f\u00e9r\u00e9-suspension en date du 22 juillet 2016.<\/em><\/li>\n<li><strong>2016 : \u00ab La sanction pour non-respect des obligations d\u00e9claratives relatives aux trusts : une disposition inconstitutionnelle ? \u00bb \u2013 Option Finance (<em>co-auteur<\/em>)<br \/><\/strong><em>Le r\u00e9gime fiscal fran\u00e7ais applicable aux trusts \u00e9trangers a \u00e9t\u00e9 profond\u00e9ment modifi\u00e9 par la loi de finances rectificative pour 2011 (loi n\u00b0 2001-900 du 29 juillet 2011). Les sanctions assortissant le dispositif suscitent toutefois l\u2019interrogation sous l\u2019angle du droit constitutionnel.<\/em><\/li>\n<li><strong>2014 : \u00ab En cas de transmission r\u00e9alis\u00e9e via un trust, qui est responsable du paiement des droits ? \u00bb \u2013 Option Finance<br \/><\/strong><em>Lorsque le trustee est tenu d\u2019acquitter et de verser les droits, est-il pour autant le redevable l\u00e9gal des droits de mutation ? L\u2019incidence pratique de la reconnaissance de la qualit\u00e9 de redevable est tr\u00e8s importante pour le recouvrement de l\u2019imp\u00f4t et ce point m\u00e9rite selon nous des clarifications.<\/em><\/li>\n<\/ul>\n<\/div>\n<\/div>\n<p>[\/et_pb_text][\/et_pb_column][\/et_pb_row][et_pb_row _builder_version=\u00a0\u00bb4.24.3&Prime; _module_preset=\u00a0\u00bbdefault\u00a0\u00bb global_colors_info=\u00a0\u00bb{}\u00a0\u00bb][et_pb_column type=\u00a0\u00bb4_4&Prime; _builder_version=\u00a0\u00bb4.24.3&Prime; _module_preset=\u00a0\u00bbdefault\u00a0\u00bb global_colors_info=\u00a0\u00bb{}\u00a0\u00bb][et_pb_code _builder_version=\u00a0\u00bb4.24.3&Prime; _module_preset=\u00a0\u00bbdefault\u00a0\u00bb global_colors_info=\u00a0\u00bb{}\u00a0\u00bb]<\/p>\n<style><!-- [et_pb_line_break_holder] -->  .home-pattern { display:none !important; }<!-- [et_pb_line_break_holder] --><\/style>\n<p>[\/et_pb_code][\/et_pb_column][\/et_pb_row][\/et_pb_section]<\/p>\n","protected":false},"excerpt":{"rendered":"<p>PUBLICATIONSNEWSLETTER Further limitation rules to the deduction of loans for wealth tax purposes J\u00c9R\u00d4ME BARZUN &nbsp; La Lettre des Juristes d\u2019Affaires cite J\u00e9r\u00f4me Barzun parmi les avocats dans le conflit judiciaire ayant oppos\u00e9 Herm\u00e8s et LVMH. J\u00e9r\u00f4me Barzun est auditionn\u00e9 \u00e0 l\u2019Assembl\u00e9e Nationale sur le secret des affaires. J\u00e9r\u00f4me Barzun est cit\u00e9 par le magazine [&hellip;]<\/p>\n","protected":false},"author":1,"featured_media":0,"parent":0,"menu_order":0,"comment_status":"closed","ping_status":"closed","template":"","meta":{"_et_pb_use_builder":"on","_et_pb_old_content":"","_et_gb_content_width":"","footnotes":""},"class_list":["post-365","page","type-page","status-publish","hentry"],"_links":{"self":[{"href":"https:\/\/overshield.aproxi.tech\/fr\/wp-json\/wp\/v2\/pages\/365","targetHints":{"allow":["GET"]}}],"collection":[{"href":"https:\/\/overshield.aproxi.tech\/fr\/wp-json\/wp\/v2\/pages"}],"about":[{"href":"https:\/\/overshield.aproxi.tech\/fr\/wp-json\/wp\/v2\/types\/page"}],"author":[{"embeddable":true,"href":"https:\/\/overshield.aproxi.tech\/fr\/wp-json\/wp\/v2\/users\/1"}],"replies":[{"embeddable":true,"href":"https:\/\/overshield.aproxi.tech\/fr\/wp-json\/wp\/v2\/comments?post=365"}],"version-history":[{"count":5,"href":"https:\/\/overshield.aproxi.tech\/fr\/wp-json\/wp\/v2\/pages\/365\/revisions"}],"predecessor-version":[{"id":371,"href":"https:\/\/overshield.aproxi.tech\/fr\/wp-json\/wp\/v2\/pages\/365\/revisions\/371"}],"wp:attachment":[{"href":"https:\/\/overshield.aproxi.tech\/fr\/wp-json\/wp\/v2\/media?parent=365"}],"curies":[{"name":"wp","href":"https:\/\/api.w.org\/{rel}","templated":true}]}}